{"id":3043,"date":"2018-11-21T16:59:40","date_gmt":"2018-11-21T16:59:40","guid":{"rendered":"http:\/\/www.emilividal.com\/?page_id=3043"},"modified":"2019-05-06T14:08:36","modified_gmt":"2019-05-06T14:08:36","slug":"terciari-2","status":"publish","type":"page","link":"http:\/\/www.emilividal.com\/?page_id=3043","title":{"rendered":"PROMOCI\u00d3 BANYS"},"content":{"rendered":"\t\t<div data-elementor-type=\"wp-post\" data-elementor-id=\"3043\" class=\"elementor elementor-3043 elementor-bc-flex-widget\">\n\t\t\t\t\t\t<section class=\"elementor-section elementor-top-section elementor-element elementor-element-2e8f0c6 elementor-section-content-middle elementor-section-boxed elementor-section-height-default elementor-section-height-default\" data-id=\"2e8f0c6\" data-element_type=\"section\" data-settings=\"{&quot;background_background&quot;:&quot;classic&quot;}\">\n\t\t\t\t\t\t<div class=\"elementor-container elementor-column-gap-no\">\n\t\t\t\t\t<div class=\"elementor-column elementor-col-50 elementor-top-column elementor-element elementor-element-0389149\" data-id=\"0389149\" data-element_type=\"column\">\n\t\t\t<div class=\"elementor-widget-wrap elementor-element-populated\">\n\t\t\t\t\t\t<div class=\"elementor-element elementor-element-e24d5de elementor-widget elementor-widget-heading\" data-id=\"e24d5de\" data-element_type=\"widget\" data-widget_type=\"heading.default\">\n\t\t\t\t<div class=\"elementor-widget-container\">\n\t\t\t\t\t<h6 class=\"elementor-heading-title elementor-size-default\">BLOCS\n<span style=\"font-size: 17px\">| PROJECTES<\/span><\/h6>\t\t\t\t<\/div>\n\t\t\t\t<\/div>\n\t\t\t\t<div class=\"elementor-element elementor-element-4916e1a elementor-widget elementor-widget-heading\" data-id=\"4916e1a\" data-element_type=\"widget\" data-widget_type=\"heading.default\">\n\t\t\t\t<div class=\"elementor-widget-container\">\n\t\t\t\t\t<h6 class=\"elementor-heading-title elementor-size-default\">PROMOCI\u00d3 BANYS    \n<span style=\"font-weight: 400;text-transform: none\"> La Garriga  <\/span><\/h6>\t\t\t\t<\/div>\n\t\t\t\t<\/div>\n\t\t\t\t<div class=\"elementor-element elementor-element-f5a5c38 elementor-widget elementor-widget-spacer\" data-id=\"f5a5c38\" data-element_type=\"widget\" data-widget_type=\"spacer.default\">\n\t\t\t\t<div class=\"elementor-widget-container\">\n\t\t\t\t\t\t\t<div class=\"elementor-spacer\">\n\t\t\t<div class=\"elementor-spacer-inner\"><\/div>\n\t\t<\/div>\n\t\t\t\t\t\t<\/div>\n\t\t\t\t<\/div>\n\t\t\t\t\t<\/div>\n\t\t<\/div>\n\t\t\t\t<div class=\"elementor-column elementor-col-50 elementor-top-column elementor-element elementor-element-c60a9f3\" data-id=\"c60a9f3\" data-element_type=\"column\">\n\t\t\t<div class=\"elementor-widget-wrap elementor-element-populated\">\n\t\t\t\t\t\t<div class=\"elementor-element elementor-element-a3a9f4c elementor-widget elementor-widget-text-editor\" data-id=\"a3a9f4c\" data-element_type=\"widget\" data-widget_type=\"text-editor.default\">\n\t\t\t\t<div class=\"elementor-widget-container\">\n\t\t\t\t\t\t\t\t\t<p>Pla de fa\u00e7ana majestu\u00f3s a l&#8217;entrada de La Garriga, amb inflexi\u00f3 al xamfr\u00e0 apropiant-se l&#8217;entorn.\u00a0<\/p><p>Travert\u00ed, lloses de formig\u00f3 vist, vidre i alumini, al llarg de la pla\u00e7a i carrers.<\/p>\t\t\t\t\t\t\t\t<\/div>\n\t\t\t\t<\/div>\n\t\t\t\t\t<\/div>\n\t\t<\/div>\n\t\t\t\t\t<\/div>\n\t\t<\/section>\n\t\t\t\t<section class=\"elementor-section elementor-top-section elementor-element elementor-element-29d4e11 elementor-section-boxed elementor-section-height-default elementor-section-height-default\" data-id=\"29d4e11\" data-element_type=\"section\">\n\t\t\t\t\t\t<div class=\"elementor-container elementor-column-gap-default\">\n\t\t\t\t\t<div class=\"elementor-column elementor-col-100 elementor-top-column elementor-element elementor-element-ede3462\" data-id=\"ede3462\" data-element_type=\"column\">\n\t\t\t<div class=\"elementor-widget-wrap elementor-element-populated\">\n\t\t\t\t\t\t<div class=\"elementor-element elementor-element-ef88735 elementor-widget elementor-widget-image-gallery\" data-id=\"ef88735\" data-element_type=\"widget\" data-widget_type=\"image-gallery.default\">\n\t\t\t\t<div class=\"elementor-widget-container\">\n\t\t\t\t\t\t\t<div class=\"elementor-image-gallery\">\n\t\t\t<div id='gallery-1' class='gallery galleryid-3043 gallery-columns-2 gallery-size-baroque-blog-grid'><figure class='gallery-item'>\n\t\t\t<div class='gallery-icon landscape'>\n\t\t\t\t<a data-elementor-open-lightbox=\"yes\" data-elementor-lightbox-slideshow=\"ef88735\" data-elementor-lightbox-title=\"BANYS 1-edit\" data-e-action-hash=\"#elementor-action%3Aaction%3Dlightbox%26settings%3DeyJpZCI6MzA0NSwidXJsIjoiaHR0cDpcL1wvd3d3LmVtaWxpdmlkYWwuY29tXC93cC1jb250ZW50XC91cGxvYWRzXC8yMDE4XC8xMVwvQkFOWVMtMS1lZGl0LTIuanBnIiwic2xpZGVzaG93IjoiZWY4ODczNSJ9\" href='http:\/\/www.emilividal.com\/wp-content\/uploads\/2018\/11\/BANYS-1-edit-2.jpg'><img fetchpriority=\"high\" decoding=\"async\" width=\"592\" height=\"424\" src=\"http:\/\/www.emilividal.com\/wp-content\/uploads\/2018\/11\/BANYS-1-edit-2-592x424.jpg\" class=\"attachment-baroque-blog-grid size-baroque-blog-grid\" alt=\"\" \/><\/a>\n\t\t\t<\/div><\/figure><figure class='gallery-item'>\n\t\t\t<div class='gallery-icon landscape'>\n\t\t\t\t<a data-elementor-open-lightbox=\"yes\" data-elementor-lightbox-slideshow=\"ef88735\" data-elementor-lightbox-title=\"BANYS 2-edit\" data-e-action-hash=\"#elementor-action%3Aaction%3Dlightbox%26settings%3DeyJpZCI6MzA0NiwidXJsIjoiaHR0cDpcL1wvd3d3LmVtaWxpdmlkYWwuY29tXC93cC1jb250ZW50XC91cGxvYWRzXC8yMDE4XC8xMVwvQkFOWVMtMi1lZGl0LTEuanBnIiwic2xpZGVzaG93IjoiZWY4ODczNSJ9\" href='http:\/\/www.emilividal.com\/wp-content\/uploads\/2018\/11\/BANYS-2-edit-1.jpg'><img decoding=\"async\" width=\"592\" height=\"424\" src=\"http:\/\/www.emilividal.com\/wp-content\/uploads\/2018\/11\/BANYS-2-edit-1-592x424.jpg\" class=\"attachment-baroque-blog-grid size-baroque-blog-grid\" alt=\"\" \/><\/a>\n\t\t\t<\/div><\/figure><figure class='gallery-item'>\n\t\t\t<div class='gallery-icon landscape'>\n\t\t\t\t<a data-elementor-open-lightbox=\"yes\" data-elementor-lightbox-slideshow=\"ef88735\" data-elementor-lightbox-title=\"BANYS 2\" data-e-action-hash=\"#elementor-action%3Aaction%3Dlightbox%26settings%3DeyJpZCI6MzQwMywidXJsIjoiaHR0cDpcL1wvd3d3LmVtaWxpdmlkYWwuY29tXC93cC1jb250ZW50XC91cGxvYWRzXC8yMDE5XC8wMlwvQkFOWVMtMi5qcGciLCJzbGlkZXNob3ciOiJlZjg4NzM1In0%3D\" href='http:\/\/www.emilividal.com\/wp-content\/uploads\/2019\/02\/BANYS-2.jpg'><img decoding=\"async\" width=\"592\" height=\"424\" src=\"http:\/\/www.emilividal.com\/wp-content\/uploads\/2019\/02\/BANYS-2-592x424.jpg\" class=\"attachment-baroque-blog-grid size-baroque-blog-grid\" alt=\"\" \/><\/a>\n\t\t\t<\/div><\/figure>\n\t\t<\/div>\n\t\t<\/div>\n\t\t\t\t\t\t<\/div>\n\t\t\t\t<\/div>\n\t\t\t\t<div class=\"elementor-element elementor-element-a624a17 elementor-widget elementor-widget-heading\" data-id=\"a624a17\" data-element_type=\"widget\" data-widget_type=\"heading.default\">\n\t\t\t\t<div class=\"elementor-widget-container\">\n\t\t\t\t\t<h6 class=\"elementor-heading-title elementor-size-default\"><a href=\"http:\/\/www.emilividal.com\/?page_id=3052\">NEXT\n<font color=\"#7a7a7a\"><span style=\"font-weight: 400;text-transform: none\">Project<\/span><\/font>  &gt;<\/a><\/h6>\t\t\t\t<\/div>\n\t\t\t\t<\/div>\n\t\t\t\t\t<\/div>\n\t\t<\/div>\n\t\t\t\t\t<\/div>\n\t\t<\/section>\n\t\t\t\t<\/div>\n\t\t","protected":false},"excerpt":{"rendered":"<p>BLOCS | PROJECTES PROMOCI\u00d3 BANYS La Garriga Pla de fa\u00e7ana majestu\u00f3s a l&#8217;entrada de La Garriga, amb inflexi\u00f3 al xamfr\u00e0 apropiant-se l&#8217;entorn.\u00a0 Travert\u00ed, lloses de formig\u00f3 vist, vidre i alumini, al llarg de la pla\u00e7a i carrers. NEXT Project &gt;<\/p>\n","protected":false},"author":1,"featured_media":0,"parent":0,"menu_order":0,"comment_status":"closed","ping_status":"closed","template":"template-fullwidth.php","meta":{"_monsterinsights_skip_tracking":false,"_monsterinsights_sitenote_active":false,"_monsterinsights_sitenote_note":"","_monsterinsights_sitenote_category":0,"footnotes":""},"class_list":["post-3043","page","type-page","status-publish","hentry","no-thumb"],"_links":{"self":[{"href":"http:\/\/www.emilividal.com\/index.php?rest_route=\/wp\/v2\/pages\/3043","targetHints":{"allow":["GET"]}}],"collection":[{"href":"http:\/\/www.emilividal.com\/index.php?rest_route=\/wp\/v2\/pages"}],"about":[{"href":"http:\/\/www.emilividal.com\/index.php?rest_route=\/wp\/v2\/types\/page"}],"author":[{"embeddable":true,"href":"http:\/\/www.emilividal.com\/index.php?rest_route=\/wp\/v2\/users\/1"}],"replies":[{"embeddable":true,"href":"http:\/\/www.emilividal.com\/index.php?rest_route=%2Fwp%2Fv2%2Fcomments&post=3043"}],"version-history":[{"count":13,"href":"http:\/\/www.emilividal.com\/index.php?rest_route=\/wp\/v2\/pages\/3043\/revisions"}],"predecessor-version":[{"id":4105,"href":"http:\/\/www.emilividal.com\/index.php?rest_route=\/wp\/v2\/pages\/3043\/revisions\/4105"}],"wp:attachment":[{"href":"http:\/\/www.emilividal.com\/index.php?rest_route=%2Fwp%2Fv2%2Fmedia&parent=3043"}],"curies":[{"name":"wp","href":"https:\/\/api.w.org\/{rel}","templated":true}]}}